{"id":407,"date":"2016-10-12T06:41:25","date_gmt":"2016-10-12T06:41:25","guid":{"rendered":"http:\/\/www.ossipercussion.com\/?page_id=407"},"modified":"2017-06-26T23:29:03","modified_gmt":"2017-06-26T23:29:03","slug":"faso-kan","status":"publish","type":"page","link":"https:\/\/www.ossipercussion.com\/fi\/faso-kan\/","title":{"rendered":"Faso Kan"},"content":{"rendered":"<h4>Faso Kan &#8211; griottimusiikkia l\u00e4nsiafrikasta<\/h4>\n<p><img loading=\"lazy\" decoding=\"async\" class=\"alignleft size-thumbnail wp-image-409\" src=\"https:\/\/www.ossipercussion.com\/wp-content\/uploads\/Issa_Dembele_Faso_Kan-150x150.jpg\" alt=\"issa_dembele_faso_kan\" width=\"150\" height=\"150\" srcset=\"https:\/\/www.ossipercussion.com\/wp-content\/uploads\/Issa_Dembele_Faso_Kan-150x150.jpg 150w, https:\/\/www.ossipercussion.com\/wp-content\/uploads\/Issa_Dembele_Faso_Kan-100x100.jpg 100w\" sizes=\"auto, (max-width: 150px) 100vw, 150px\" \/><\/p>\n<p>Suomalais-afrikkalainen Faso Kan kuuluu laadukkaimpiin afrikkalaista musiikkia esitt\u00e4viin ryhmiin<br \/>\nPohjoismaissa. Esit\u00e4mme L\u00e4nsi-Afrikan rikkaasta musiikkiperinteest\u00e4<br \/>\nponnistavaa melodista ja vauhdikasta musiikkia, joka ei j\u00e4t\u00e4 yleis\u00f6\u00e4\u00e4n kylm\u00e4ksi. Lavalla Faso Kan antaa soiton, tanssin ja laulun ilon n\u00e4ky\u00e4. Yhtyett\u00e4 johtaa burkinafasolainen, kotimaassaan palkittu balafonmestari <a href=\"http:\/\/www.tylkkari.fi\/henkilo\/syntynyt-elaa-ja-kuolee-griottina\">Issa Dembele<\/a>.<\/p>\n<p>Korasolisti Adama Kon\u00e9 on huippulahjakas griottimuusikko Malista. Ly\u00f6m\u00e4soittaja Ossi Raippalinna on opiskellut perinteist\u00e4 griottimusiikkia ja soitinrakennusta mm. Senegalissa, Burkina Fasossa ja Malissa. Huippumuusikko, griotti Issi<a href=\"https:\/\/www.ossipercussion.com\/wp-content\/uploads\/Faso_Kan_promo2015_vaaka_kuvaaja_linda_sundberg.jpg\"><img loading=\"lazy\" decoding=\"async\" class=\"alignright wp-image-413 size-medium\" src=\"https:\/\/www.ossipercussion.com\/wp-content\/uploads\/Faso_Kan_promo2015_vaaka_kuvaaja_linda_sundberg-300x225.jpg\" alt=\"Faso Kan kvartetti\" width=\"300\" height=\"225\" srcset=\"https:\/\/www.ossipercussion.com\/wp-content\/uploads\/Faso_Kan_promo2015_vaaka_kuvaaja_linda_sundberg-300x225.jpg 300w, https:\/\/www.ossipercussion.com\/wp-content\/uploads\/Faso_Kan_promo2015_vaaka_kuvaaja_linda_sundberg-scaled-400x300.jpg 400w, https:\/\/www.ossipercussion.com\/wp-content\/uploads\/Faso_Kan_promo2015_vaaka_kuvaaja_linda_sundberg-scaled-800x600.jpg 800w, https:\/\/www.ossipercussion.com\/wp-content\/uploads\/Faso_Kan_promo2015_vaaka_kuvaaja_linda_sundberg-768x576.jpg 768w, https:\/\/www.ossipercussion.com\/wp-content\/uploads\/Faso_Kan_promo2015_vaaka_kuvaaja_linda_sundberg-1024x768.jpg 1024w\" sizes=\"auto, (max-width: 300px) 100vw, 300px\" \/><\/a>aka Dembele on tunnettu monilahjakkuus oman perinnemusiikkinsa saralla. Yhtye voi my\u00f6s pit\u00e4\u00e4 ty\u00f6pajan afrikkalaisessa tanssissa tai rummutuksessa. <span id=\"yui_3_17_2_1_1429528412147_492\"> <\/span><\/p>\n<p><strong>Issa Dembele,<\/strong> balafon, laulu, djembe, dundun, tanssi<br \/>\n<strong>Adama Kon\u00e9<\/strong><strong>, <\/strong>kora, laulu, djembe, dundun, tanssi<br \/>\n<strong>Ossi Raippalinna<\/strong>, dundun, djembe, puhuva rumpu, laulu, tanssi, juonto<br \/>\n<strong>Issiaka Dembele<\/strong>, balafon, laulu, kalebassi, djembe, tanssi<strong><br \/>\n<\/strong><\/p>\n<p>Seuraavat esiintymiset:<strong><br \/>\n15.7.2017 Br\u00e4nnsk\u00e4r, Nauvo klo 14<br \/>\n5.8.2017 Loviisa, klo 20.30<br \/>\n1.9.2017 Forssa klo 13.30-14.00<\/strong><\/p>\n<p>Olemme aiemmin esiintyneet muun muassa Faces-etnofestivaalilla, Maailma kyl\u00e4ss\u00e4 -festivaalilla,Kaustisen kansanmusiikkijuhlilla, African fest -festivaalilla, KallioKukkii -festivaalilla, Helsinki African Film -festivaalilla, Maailman musiikin keskuksen klubilla Juttutuvassa sek\u00e4 Maailman kuvalehden maailmanmusiikkiklubilla.. Faso Kan on my\u00f6s esiintynyt Pop &amp; Jazz-konservatoriolla maailman huippuihin kuuluvan djembemestari ZoumanaDembelen kanssa, sek\u00e4 j\u00e4rjest\u00e4nyt suosittua klubi-iltaansa nimell\u00e4 Club Ouagadougou ravintola Libert\u00e9ss\u00e4.<\/p>\n<p>&nbsp;<\/p>\n<p><iframe loading=\"lazy\" src=\"https:\/\/www.youtube.com\/embed\/E2YBulOEFCA?list=PLNSBgRFjeWtwz5IxgLnz_HqFVhyTtYQUI\" width=\"200\" height=\"113\" frameborder=\"0\" allowfullscreen=\"allowfullscreen\"><\/iframe><\/p>\n<p>Issa Dembelen haastattelu:<a href=\"http:\/\/www.tylkkari.fi\/henkilo\/syntynyt-elaa-ja-kuolee-griottina\" target=\"_blank\" rel=\"noopener noreferrer\"> http:\/\/www.tylkkari.fi\/henkilo\/syntynyt-elaa-ja-kuolee-griottina<\/a><\/p>\n<p>Facebook:<a href=\"https:\/\/www.facebook.com\/fasokan\" target=\"_blank\" rel=\"noopener noreferrer\"> https:\/\/www.facebook.com\/fasokan<\/a><\/p>\n<p><a href=\"http:\/\/www.konserttikeskus.fi\/faso-kan\" target=\"_blank\" rel=\"noopener noreferrer\">http:\/\/www.konserttikeskus.fi\/faso-kan<\/a><\/p>\n","protected":false},"excerpt":{"rendered":"<p>Faso Kan &#8211; griottimusiikkia l\u00e4nsiafrikasta Suomalais-afrikkalainen Faso Kan kuuluu laadukkaimpiin afrikkalaista musiikkia esitt\u00e4viin ryhmiin Pohjoismaissa. Esit\u00e4mme L\u00e4nsi-Afrikan rikkaasta musiikkiperinteest\u00e4 ponnistavaa melodista ja vauhdikasta musiikkia, joka ei j\u00e4t\u00e4 yleis\u00f6\u00e4\u00e4n kylm\u00e4ksi. Lavalla Faso Kan antaa soiton, tanssin ja laulun ilon n\u00e4ky\u00e4. Yhtyett\u00e4 &hellip; <a href=\"https:\/\/www.ossipercussion.com\/fi\/faso-kan\/\">Continued<\/a><\/p>\n","protected":false},"author":1,"featured_media":0,"parent":0,"menu_order":0,"comment_status":"closed","ping_status":"closed","template":"","meta":{"kt_blocks_editor_width":"","_monsterinsights_skip_tracking":false,"_monsterinsights_sitenote_active":false,"_monsterinsights_sitenote_note":"","_monsterinsights_sitenote_category":0,"footnotes":""},"class_list":["post-407","page","type-page","status-publish","hentry"],"_links":{"self":[{"href":"https:\/\/www.ossipercussion.com\/fi\/wp-json\/wp\/v2\/pages\/407","targetHints":{"allow":["GET"]}}],"collection":[{"href":"https:\/\/www.ossipercussion.com\/fi\/wp-json\/wp\/v2\/pages"}],"about":[{"href":"https:\/\/www.ossipercussion.com\/fi\/wp-json\/wp\/v2\/types\/page"}],"author":[{"embeddable":true,"href":"https:\/\/www.ossipercussion.com\/fi\/wp-json\/wp\/v2\/users\/1"}],"replies":[{"embeddable":true,"href":"https:\/\/www.ossipercussion.com\/fi\/wp-json\/wp\/v2\/comments?post=407"}],"version-history":[{"count":8,"href":"https:\/\/www.ossipercussion.com\/fi\/wp-json\/wp\/v2\/pages\/407\/revisions"}],"predecessor-version":[{"id":3014,"href":"https:\/\/www.ossipercussion.com\/fi\/wp-json\/wp\/v2\/pages\/407\/revisions\/3014"}],"wp:attachment":[{"href":"https:\/\/www.ossipercussion.com\/fi\/wp-json\/wp\/v2\/media?parent=407"}],"curies":[{"name":"wp","href":"https:\/\/api.w.org\/{rel}","templated":true}]}}